{"id":494,"date":"2022-09-03T09:06:10","date_gmt":"2022-09-03T09:06:10","guid":{"rendered":"https:\/\/vs-nussdorfamattersee.at\/?page_id=494"},"modified":"2022-09-03T09:49:20","modified_gmt":"2022-09-03T09:49:20","slug":"2020-2021","status":"publish","type":"page","link":"https:\/\/vs-nussdorfamattersee.at\/?page_id=494","title":{"rendered":"2020\/2021"},"content":{"rendered":"\n<p><\/p>\n\n\n\n<div class=\"wp-block-group\"><div class=\"wp-block-group__inner-container is-layout-flow wp-block-group-is-layout-flow\"><\/div><\/div>\n\n\n\n<hr class=\"wp-block-separator has-css-opacity is-style-wide\"\/>\n\n\n\n<h2 class=\"wp-block-heading\">R\u00e4dercheck f\u00fcr die Radfahrpr\u00fcfung<\/h2>\n\n\n\n<p>Herr BI Ladreiter war bei uns in der Schule zu Besuch, um die Fahrr\u00e4der f\u00fcr die Radfahrpr\u00fcfung zu \u00fcberpr\u00fcfen. Nebenbei fragte er auch gleich einiges an Wissen ab, dass die Kinder f\u00fcr die theoretische Radfahrpr\u00fcfung ben\u00f6tigen. Au\u00dferdem ging er mit den Kindern die Pr\u00fcfungsstrecke ab, um hier auf Besonderheiten aufmerksam zu machen.<\/p>\n\n\n\n<div class=\"wp-block-columns is-layout-flex wp-container-core-columns-is-layout-2 wp-block-columns-is-layout-flex\">\n<div class=\"wp-block-column is-layout-flow wp-block-column-is-layout-flow\" style=\"flex-basis:100%\">\n<div class=\"wp-block-group\"><div class=\"wp-block-group__inner-container is-layout-flow wp-block-group-is-layout-flow\">\n<div class=\"wp-block-columns is-layout-flex wp-container-core-columns-is-layout-1 wp-block-columns-is-layout-flex\">\n<div class=\"wp-block-column is-layout-flow wp-block-column-is-layout-flow\"><div class=\"wp-block-image\">\n<figure class=\"aligncenter size-large\"><img loading=\"lazy\" decoding=\"async\" width=\"239\" height=\"319\" src=\"https:\/\/vs-nussdorfamattersee.at\/wp-content\/uploads\/2021\/04\/grafik-2.png\" alt=\"\" class=\"wp-image-390\" srcset=\"https:\/\/vs-nussdorfamattersee.at\/wp-content\/uploads\/2021\/04\/grafik-2.png 239w, https:\/\/vs-nussdorfamattersee.at\/wp-content\/uploads\/2021\/04\/grafik-2-225x300.png 225w\" sizes=\"(max-width: 239px) 100vw, 239px\" \/><\/figure><\/div><\/div>\n\n\n\n<div class=\"wp-block-column is-layout-flow wp-block-column-is-layout-flow\"><div class=\"wp-block-image\">\n<figure class=\"aligncenter size-large\"><img loading=\"lazy\" decoding=\"async\" width=\"250\" height=\"333\" src=\"https:\/\/vs-nussdorfamattersee.at\/wp-content\/uploads\/2021\/04\/grafik-3.png\" alt=\"\" class=\"wp-image-391\" srcset=\"https:\/\/vs-nussdorfamattersee.at\/wp-content\/uploads\/2021\/04\/grafik-3.png 250w, https:\/\/vs-nussdorfamattersee.at\/wp-content\/uploads\/2021\/04\/grafik-3-225x300.png 225w\" sizes=\"(max-width: 250px) 100vw, 250px\" \/><\/figure><\/div><\/div>\n<\/div>\n<\/div><\/div>\n<\/div>\n<\/div>\n\n\n\n<hr class=\"wp-block-separator has-css-opacity is-style-wide\"\/>\n\n\n\n<h2 class=\"wp-block-heading\">Semesterferien<\/h2>\n\n\n\n<p>Wir w\u00fcnschen allen Kindern und Eltern erholsame Semesterferien und freuen uns auf ein Wiedersehen am 15. Februar \ud83d\ude42<\/p>\n\n\n<div class=\"wp-block-image\">\n<figure class=\"aligncenter size-large is-resized\"><img loading=\"lazy\" decoding=\"async\" src=\"https:\/\/vs-nussdorfamattersee.at\/wp-content\/uploads\/2021\/02\/IMG_6724-1024x768.jpg\" alt=\"\" class=\"wp-image-374\" width=\"490\" height=\"367\" srcset=\"https:\/\/vs-nussdorfamattersee.at\/wp-content\/uploads\/2021\/02\/IMG_6724-1024x768.jpg 1024w, https:\/\/vs-nussdorfamattersee.at\/wp-content\/uploads\/2021\/02\/IMG_6724-300x225.jpg 300w, https:\/\/vs-nussdorfamattersee.at\/wp-content\/uploads\/2021\/02\/IMG_6724-768x576.jpg 768w, https:\/\/vs-nussdorfamattersee.at\/wp-content\/uploads\/2021\/02\/IMG_6724-1536x1152.jpg 1536w, https:\/\/vs-nussdorfamattersee.at\/wp-content\/uploads\/2021\/02\/IMG_6724-2048x1536.jpg 2048w\" sizes=\"(max-width: 490px) 100vw, 490px\" \/><\/figure><\/div>\n\n\n<hr class=\"wp-block-separator has-css-opacity is-style-wide\"\/>\n\n\n\n<hr class=\"wp-block-separator has-css-opacity is-style-wide\"\/>\n\n\n\n<h2 class=\"wp-block-heading\">Pr\u00e4senzunterricht ab Montag, 07.12.20 f\u00fcr alle Sch\u00fclerInnen<\/h2>\n\n\n\n<p><a href=\"https:\/\/vs-nussdorfamattersee.at\/wp-content\/uploads\/2020\/12\/Elternbrief-der-Bildungsdirektion-OOe_Antigen-Schnelltests.pdf\" target=\"_blank\" rel=\"noreferrer noopener\">Elternbrief der Bildungsdirektion O\u00d6<\/a><\/p>\n\n\n\n<hr class=\"wp-block-separator has-css-opacity is-style-wide\"\/>\n\n\n\n<h2 class=\"wp-block-heading\">Umstellung auf Distance Learning ab Dienstag, 17.11.20<\/h2>\n\n\n\n<p><a rel=\"noreferrer noopener\" href=\"https:\/\/vs-nussdorfamattersee.at\/wp-content\/uploads\/2020\/11\/Elternbrief-Lockdown_Bundesministerium.pdf\" target=\"_blank\">Elternbrief von Bildungsminister Heinz Fa\u00dfmann<\/a><\/p>\n\n\n\n<p><a rel=\"noreferrer noopener\" href=\"https:\/\/vs-nussdorfamattersee.at\/wp-content\/uploads\/2020\/11\/Elternbeiblatt.pdf\" target=\"_blank\">Beiblatt<\/a><\/p>\n\n\n\n<p><a href=\"https:\/\/vs-nussdorfamattersee.at\/wp-content\/uploads\/2020\/11\/Infoblatt-Krisenhilfe-OOe.pdf\">Informationsblatt der Krisenhilfe<\/a><\/p>\n\n\n\n<hr class=\"wp-block-separator has-css-opacity is-style-wide\"\/>\n\n\n\n<h2 class=\"wp-block-heading\">Ausflug in die Natur<\/h2>\n\n\n\n<p>Die Kinder der 1. und 2. Schulstufe verbrachten einen Vormittag in der Natur.<br>Ihr Rundweg f\u00fchrte sie von der Volksschule \u00fcber den Westwanderweg Richtung Abtsdorf. Die Zeit wurde auch gleich eifrig f\u00fcr eine M\u00fcllsammelaktion genutzt. Das Highlight aber war wohl das F\u00fcttern der Hirsche, bevor unser Ausgangspunkt \u2013 der Schulgarten \u2013 erreicht wurde.<\/p>\n\n\n\n<figure class=\"wp-block-table\"><table><tbody><tr><td><img loading=\"lazy\" decoding=\"async\" width=\"150\" height=\"206\" class=\"wp-image-259\" style=\"width: 150px;\" src=\"https:\/\/vs-nussdorfamattersee.at\/wp-content\/uploads\/2020\/11\/WhatsApp-Image-2020-11-11-at-15.39.54.jpeg\" alt=\"\" srcset=\"https:\/\/vs-nussdorfamattersee.at\/wp-content\/uploads\/2020\/11\/WhatsApp-Image-2020-11-11-at-15.39.54.jpeg 896w, https:\/\/vs-nussdorfamattersee.at\/wp-content\/uploads\/2020\/11\/WhatsApp-Image-2020-11-11-at-15.39.54-219x300.jpeg 219w, https:\/\/vs-nussdorfamattersee.at\/wp-content\/uploads\/2020\/11\/WhatsApp-Image-2020-11-11-at-15.39.54-746x1024.jpeg 746w, https:\/\/vs-nussdorfamattersee.at\/wp-content\/uploads\/2020\/11\/WhatsApp-Image-2020-11-11-at-15.39.54-768x1054.jpeg 768w\" sizes=\"(max-width: 150px) 100vw, 150px\" \/><\/td><td><img loading=\"lazy\" decoding=\"async\" width=\"280\" height=\"201\" class=\"wp-image-260\" style=\"width: 280px;\" src=\"https:\/\/vs-nussdorfamattersee.at\/wp-content\/uploads\/2020\/11\/WhatsApp-Image-2020-11-11-at-15.39.55-1.jpeg\" alt=\"\" srcset=\"https:\/\/vs-nussdorfamattersee.at\/wp-content\/uploads\/2020\/11\/WhatsApp-Image-2020-11-11-at-15.39.55-1.jpeg 1598w, https:\/\/vs-nussdorfamattersee.at\/wp-content\/uploads\/2020\/11\/WhatsApp-Image-2020-11-11-at-15.39.55-1-300x215.jpeg 300w, https:\/\/vs-nussdorfamattersee.at\/wp-content\/uploads\/2020\/11\/WhatsApp-Image-2020-11-11-at-15.39.55-1-1024x734.jpeg 1024w, https:\/\/vs-nussdorfamattersee.at\/wp-content\/uploads\/2020\/11\/WhatsApp-Image-2020-11-11-at-15.39.55-1-768x550.jpeg 768w, https:\/\/vs-nussdorfamattersee.at\/wp-content\/uploads\/2020\/11\/WhatsApp-Image-2020-11-11-at-15.39.55-1-1536x1101.jpeg 1536w\" sizes=\"(max-width: 280px) 100vw, 280px\" \/><\/td><td><img loading=\"lazy\" decoding=\"async\" width=\"330\" height=\"201\" class=\"wp-image-261\" style=\"width: 330px;\" src=\"https:\/\/vs-nussdorfamattersee.at\/wp-content\/uploads\/2020\/11\/WhatsApp-Image-2020-11-11-at-15.39.55-2.jpeg\" alt=\"\" srcset=\"https:\/\/vs-nussdorfamattersee.at\/wp-content\/uploads\/2020\/11\/WhatsApp-Image-2020-11-11-at-15.39.55-2.jpeg 1584w, https:\/\/vs-nussdorfamattersee.at\/wp-content\/uploads\/2020\/11\/WhatsApp-Image-2020-11-11-at-15.39.55-2-300x183.jpeg 300w, https:\/\/vs-nussdorfamattersee.at\/wp-content\/uploads\/2020\/11\/WhatsApp-Image-2020-11-11-at-15.39.55-2-1024x623.jpeg 1024w, https:\/\/vs-nussdorfamattersee.at\/wp-content\/uploads\/2020\/11\/WhatsApp-Image-2020-11-11-at-15.39.55-2-768x467.jpeg 768w, https:\/\/vs-nussdorfamattersee.at\/wp-content\/uploads\/2020\/11\/WhatsApp-Image-2020-11-11-at-15.39.55-2-1536x935.jpeg 1536w, https:\/\/vs-nussdorfamattersee.at\/wp-content\/uploads\/2020\/11\/WhatsApp-Image-2020-11-11-at-15.39.55-2-750x458.jpeg 750w\" sizes=\"(max-width: 330px) 100vw, 330px\" \/><\/td><td><img loading=\"lazy\" decoding=\"async\" width=\"275\" height=\"200\" class=\"wp-image-262\" style=\"width: 275px;\" src=\"https:\/\/vs-nussdorfamattersee.at\/wp-content\/uploads\/2020\/11\/WhatsApp-Image-2020-11-11-at-15.39.55-3.jpeg\" alt=\"\" srcset=\"https:\/\/vs-nussdorfamattersee.at\/wp-content\/uploads\/2020\/11\/WhatsApp-Image-2020-11-11-at-15.39.55-3.jpeg 1249w, https:\/\/vs-nussdorfamattersee.at\/wp-content\/uploads\/2020\/11\/WhatsApp-Image-2020-11-11-at-15.39.55-3-300x218.jpeg 300w, https:\/\/vs-nussdorfamattersee.at\/wp-content\/uploads\/2020\/11\/WhatsApp-Image-2020-11-11-at-15.39.55-3-1024x744.jpeg 1024w, https:\/\/vs-nussdorfamattersee.at\/wp-content\/uploads\/2020\/11\/WhatsApp-Image-2020-11-11-at-15.39.55-3-768x558.jpeg 768w\" sizes=\"(max-width: 275px) 100vw, 275px\" \/><\/td><\/tr><\/tbody><\/table><\/figure>\n\n\n\n<hr class=\"wp-block-separator has-css-opacity is-style-wide\"\/>\n\n\n\n<h2 class=\"wp-block-heading\"><strong>Wandertag 3. und 4. Schulstufe<br>Reiserbauernm\u00fchle \u2013 Berimandlstoa \u2013 Nussbaumweg<\/strong><\/h2>\n\n\n\n<p>Bei herrlich sch\u00f6nem Herbstwetter startete die 3. und 4. Schulstufe kurzfristig einen Wandertag.<\/p>\n\n\n\n<p>Unser Ausflug begann bei der Reiserbauernm\u00fchle, wo uns Herr Gebetsberger mit Hilfe von Herrn Mayrhauser eine Vorf\u00fchrung abhielt und uns Wissenswertes \u00fcber die M\u00fchle erz\u00e4hlte.<\/p>\n\n\n\n<p>Weiter ging es zum Berimandlstoa, bei dem wir ebenfalls die passende Erz\u00e4hlung dargeboten bekamen. \u00dcber den Nussbaumweg und Westwanderweg wanderten wir wieder retour zur Volksschule.<\/p>\n\n\n\n<p><strong>Wir bedanken uns herzlichst bei Herrn Gebetsberger f\u00fcr die tolle Pr\u00e4sentation und bei Herrn Mayrhauser f\u00fcr seine Treue als Wanderbegleiter.<\/strong><\/p>\n\n\n\n<figure class=\"wp-block-table\"><table><tbody><tr><td><img loading=\"lazy\" decoding=\"async\" width=\"150\" height=\"200\" class=\"wp-image-245\" style=\"width: 150px;\" src=\"https:\/\/vs-nussdorfamattersee.at\/wp-content\/uploads\/2020\/11\/image-3.png\" alt=\"\"><\/td><td><img loading=\"lazy\" decoding=\"async\" width=\"150\" height=\"200\" class=\"wp-image-246\" style=\"width: 150px;\" src=\"https:\/\/vs-nussdorfamattersee.at\/wp-content\/uploads\/2020\/11\/image-4.png\" alt=\"\"><\/td><td><img loading=\"lazy\" decoding=\"async\" width=\"150\" height=\"200\" class=\"wp-image-247\" style=\"width: 150px;\" src=\"https:\/\/vs-nussdorfamattersee.at\/wp-content\/uploads\/2020\/11\/image-5.png\" alt=\"\"><\/td><td><img loading=\"lazy\" decoding=\"async\" width=\"260\" height=\"196\" class=\"wp-image-249\" style=\"width: 260px;\" src=\"https:\/\/vs-nussdorfamattersee.at\/wp-content\/uploads\/2020\/11\/image-7.png\" alt=\"\" srcset=\"https:\/\/vs-nussdorfamattersee.at\/wp-content\/uploads\/2020\/11\/image-7.png 315w, https:\/\/vs-nussdorfamattersee.at\/wp-content\/uploads\/2020\/11\/image-7-300x226.png 300w\" sizes=\"(max-width: 260px) 100vw, 260px\" \/><\/td><\/tr><\/tbody><\/table><\/figure>\n\n\n\n<div class=\"wp-block-group\"><div class=\"wp-block-group__inner-container is-layout-flow wp-block-group-is-layout-flow\"><\/div><\/div>\n\n\n\n<h2 class=\"wp-block-heading\">Kartoffelernte aus dem Hochbeet 18.09.2020<\/h2>\n\n\n\n<p>Erstmals konnten wir im September unsere selbst gezogenen Erd\u00e4pfel und einen K\u00fcrbis aus dem Hochbeet ernten.<br>Die Kinder waren mit vollem Eifer dabei und die Ernte sehr ergiebig.<br>F\u00fcr das Fr\u00fchjahr werden Blumenzwiebel eingepflanzt.<\/p>\n\n\n\n<div class=\"wp-block-group\"><div class=\"wp-block-group__inner-container is-layout-flow wp-block-group-is-layout-flow\">\n<div class=\"wp-block-group\"><div class=\"wp-block-group__inner-container is-layout-flow wp-block-group-is-layout-flow\">\n<figure class=\"wp-block-table is-style-regular\"><table><tbody><tr><td><img loading=\"lazy\" decoding=\"async\" width=\"150\" height=\"200\" class=\"wp-image-209\" style=\"width: 150px;\" src=\"https:\/\/vs-nussdorfamattersee.at\/wp-content\/uploads\/2020\/10\/grafik-3.png\" alt=\"\" srcset=\"https:\/\/vs-nussdorfamattersee.at\/wp-content\/uploads\/2020\/10\/grafik-3.png 234w, https:\/\/vs-nussdorfamattersee.at\/wp-content\/uploads\/2020\/10\/grafik-3-225x300.png 225w\" sizes=\"(max-width: 150px) 100vw, 150px\" \/><\/td><td><img loading=\"lazy\" decoding=\"async\" width=\"150\" height=\"200\" class=\"wp-image-208\" style=\"width: 150px;\" src=\"https:\/\/vs-nussdorfamattersee.at\/wp-content\/uploads\/2020\/10\/grafik-2.png\" alt=\"\" srcset=\"https:\/\/vs-nussdorfamattersee.at\/wp-content\/uploads\/2020\/10\/grafik-2.png 239w, https:\/\/vs-nussdorfamattersee.at\/wp-content\/uploads\/2020\/10\/grafik-2-225x300.png 225w\" sizes=\"(max-width: 150px) 100vw, 150px\" \/><\/td><td><img loading=\"lazy\" decoding=\"async\" width=\"150\" height=\"199\" class=\"wp-image-211\" style=\"width: 150px;\" src=\"https:\/\/vs-nussdorfamattersee.at\/wp-content\/uploads\/2020\/10\/grafik-4.png\" alt=\"\" srcset=\"https:\/\/vs-nussdorfamattersee.at\/wp-content\/uploads\/2020\/10\/grafik-4.png 238w, https:\/\/vs-nussdorfamattersee.at\/wp-content\/uploads\/2020\/10\/grafik-4-226x300.png 226w\" sizes=\"(max-width: 150px) 100vw, 150px\" \/><\/td><td><img loading=\"lazy\" decoding=\"async\" width=\"150\" height=\"200\" class=\"wp-image-212\" style=\"width: 150px;\" src=\"https:\/\/vs-nussdorfamattersee.at\/wp-content\/uploads\/2020\/10\/grafik-5.png\" alt=\"\" srcset=\"https:\/\/vs-nussdorfamattersee.at\/wp-content\/uploads\/2020\/10\/grafik-5.png 234w, https:\/\/vs-nussdorfamattersee.at\/wp-content\/uploads\/2020\/10\/grafik-5-225x300.png 225w\" sizes=\"(max-width: 150px) 100vw, 150px\" \/><\/td><\/tr><\/tbody><\/table><\/figure>\n<\/div><\/div>\n<\/div><\/div>\n\n\n\n<hr class=\"wp-block-separator has-css-opacity is-style-wide\"\/>\n\n\n\n<p><\/p>\n","protected":false},"excerpt":{"rendered":"<p>R\u00e4dercheck f\u00fcr die Radfahrpr\u00fcfung Herr BI Ladreiter war bei uns in der Schule zu Besuch, um die Fahrr\u00e4der f\u00fcr die &hellip; <\/p>\n","protected":false},"author":1,"featured_media":0,"parent":0,"menu_order":0,"comment_status":"closed","ping_status":"closed","template":"","meta":{"footnotes":""},"_links":{"self":[{"href":"https:\/\/vs-nussdorfamattersee.at\/index.php?rest_route=\/wp\/v2\/pages\/494"}],"collection":[{"href":"https:\/\/vs-nussdorfamattersee.at\/index.php?rest_route=\/wp\/v2\/pages"}],"about":[{"href":"https:\/\/vs-nussdorfamattersee.at\/index.php?rest_route=\/wp\/v2\/types\/page"}],"author":[{"embeddable":true,"href":"https:\/\/vs-nussdorfamattersee.at\/index.php?rest_route=\/wp\/v2\/users\/1"}],"replies":[{"embeddable":true,"href":"https:\/\/vs-nussdorfamattersee.at\/index.php?rest_route=%2Fwp%2Fv2%2Fcomments&post=494"}],"version-history":[{"count":3,"href":"https:\/\/vs-nussdorfamattersee.at\/index.php?rest_route=\/wp\/v2\/pages\/494\/revisions"}],"predecessor-version":[{"id":510,"href":"https:\/\/vs-nussdorfamattersee.at\/index.php?rest_route=\/wp\/v2\/pages\/494\/revisions\/510"}],"wp:attachment":[{"href":"https:\/\/vs-nussdorfamattersee.at\/index.php?rest_route=%2Fwp%2Fv2%2Fmedia&parent=494"}],"curies":[{"name":"wp","href":"https:\/\/api.w.org\/{rel}","templated":true}]}}